{"id":4141,"date":"2025-05-21T21:59:29","date_gmt":"2025-05-21T19:59:29","guid":{"rendered":"https:\/\/www.tennis-and-more.de\/secure\/?post_type=product&#038;p=4141"},"modified":"2025-05-21T22:00:31","modified_gmt":"2025-05-21T20:00:31","slug":"sommercamp-ii-08-11-09-2025","status":"publish","type":"product","link":"https:\/\/www.tennis-and-more.de\/secure\/kurs\/sommercamp-ii-08-11-09-2025\/","title":{"rendered":"Sommercamp II   08. &#8211; 11.09. 2025"},"content":{"rendered":"<p><strong>Sommercamp III<\/strong><\/p>\n<hr \/>\n<p><strong>Wann?:<\/strong><br \/>\n08. &#8211; 11.09.2025 , 9.00 &#8211; 13.00 Uhr (inklusive Fr\u00fchst\u00fcck)<\/p>\n<hr \/>\n<p><strong>F\u00fcr wen?:<\/strong><br \/>\nf\u00fcr Kinder und Jugendliche im Alter von 6-18 Jahren.<br \/>\nist f\u00fcr jegliche Spielst\u00e4rke geeignet&#8230;vom Anf\u00e4nger bis zum Turnierspieler.<br \/>\nDie einzelnen Teilnehmer werden je nach Spielst\u00e4rke in verschiedene Gruppen eingeteilt. Somit ist gew\u00e4hrleistet, dass jeder Campteilnehmer optimal gef\u00f6rdert wird.<\/p>\n<hr \/>\n<p><strong>Wo?: <\/strong><br \/>\nauf der Anlage des TC Eggingen und\/oder TC Erzingen (je nach Teilnehmer, wird rechtzeitig bekanntgegeben).<\/p>\n<hr \/>\n<p><strong>Programm?:<\/strong><br \/>\nTennis-, Koordinations- und Konditionstraining<br \/>\nTrainingsinhalte variieren je nach Alter und Spielst\u00e4rke.<\/p>\n<hr \/>\n<p><strong>Trainer?:<\/strong><br \/>\nTrainerteam von Tennis &amp; more + Co-Trainer<\/p>\n<hr \/>\n<p><strong>Kosten?:<\/strong><br \/>\n165 \u20ac (inklusive Fr\u00fchst\u00fcck u. Camp-T-Shirt)<\/p>\n<p><strong>Mindesteilnehmerzah<\/strong><strong>l?:<\/strong><br \/>\nmindestens 12 Teilnehmer pro Tennisanlage<\/p>\n<hr \/>\n<p><strong>Anmeldeschluss?:<\/strong><br \/>\n30. Juni 2025<\/p>\n<hr \/>\n\n<div class=\"wpcf7 no-js\" id=\"wpcf7-f3708-o1\" lang=\"de-DE\" dir=\"ltr\" data-wpcf7-id=\"3708\">\n<div class=\"screen-reader-response\"><p role=\"status\" aria-live=\"polite\" aria-atomic=\"true\"><\/p> <ul><\/ul><\/div>\n<form action=\"\/secure\/wp-json\/wp\/v2\/product\/4141#wpcf7-f3708-o1\" method=\"post\" class=\"wpcf7-form init\" aria-label=\"Kontaktformular\" novalidate=\"novalidate\" data-status=\"init\">\n<fieldset class=\"hidden-fields-container\"><input type=\"hidden\" name=\"_wpcf7\" value=\"3708\" \/><input type=\"hidden\" name=\"_wpcf7_version\" value=\"6.1.5\" \/><input type=\"hidden\" name=\"_wpcf7_locale\" value=\"de_DE\" \/><input type=\"hidden\" name=\"_wpcf7_unit_tag\" value=\"wpcf7-f3708-o1\" \/><input type=\"hidden\" name=\"_wpcf7_container_post\" value=\"0\" \/><input type=\"hidden\" name=\"_wpcf7_posted_data_hash\" value=\"\" \/>\n<\/fieldset>\n<p>Anmeldung f\u00fcr: <span class=\"wpcf7-form-control-wrap\" data-name=\"kurs\"><select class=\"wpcf7-form-control wpcf7-select\" aria-invalid=\"false\" name=\"kurs\"><option value=\"Events\">Events<\/option><option value=\"Kinder-Tennistag\">Kinder-Tennistag<\/option><option value=\"Intensivtraining\">Intensivtraining<\/option><option value=\"Tennisreisen Albarella\">Tennisreisen Albarella<\/option><option value=\"Tennis and more Cup\">Tennis and more Cup<\/option><option value=\"Sommercamp 1\">Sommercamp 1<\/option><option value=\"Sommercamp 2\">Sommercamp 2<\/option><option value=\"Sommercamp 3\">Sommercamp 3<\/option><option value=\"Sommertraining\">Sommertraining<\/option><option value=\"Sommer-Vereinsjugendtraining\">Sommer-Vereinsjugendtraining<\/option><option value=\"Sonntagstreff\">Sonntagstreff<\/option><option value=\"Wintertraining\">Wintertraining<\/option><option value=\"Winter-Vereinsjugendtraining\">Winter-Vereinsjugendtraining<\/option><\/select><\/span>\n<\/p>\n<p><label> Vorname Nachname (ggf. Erziehungsberechtigter) (Pflichtfeld)<br \/>\n<span class=\"wpcf7-form-control-wrap\" data-name=\"VornameNachname\"><input size=\"40\" maxlength=\"400\" class=\"wpcf7-form-control wpcf7-text wpcf7-validates-as-required\" aria-required=\"true\" aria-invalid=\"false\" value=\"\" type=\"text\" name=\"VornameNachname\" \/><\/span> <\/label><br \/>\n<label> Strasse (Pflichtfeld)<br \/>\n<span class=\"wpcf7-form-control-wrap\" data-name=\"Strasse\"><input size=\"40\" maxlength=\"400\" class=\"wpcf7-form-control wpcf7-text wpcf7-validates-as-required\" aria-required=\"true\" aria-invalid=\"false\" value=\"\" type=\"text\" name=\"Strasse\" \/><\/span> <\/label><br \/>\n<label> PLZ und Ort (Pflichtfeld)<br \/>\n<span class=\"wpcf7-form-control-wrap\" data-name=\"PLZundOrt\"><input size=\"40\" maxlength=\"400\" class=\"wpcf7-form-control wpcf7-text wpcf7-validates-as-required\" aria-required=\"true\" aria-invalid=\"false\" value=\"\" type=\"text\" name=\"PLZundOrt\" \/><\/span> <\/label><br \/>\n<label> Telefon (Pflichtfeld)<br \/>\n<span class=\"wpcf7-form-control-wrap\" data-name=\"Telefon\"><input size=\"40\" maxlength=\"400\" class=\"wpcf7-form-control wpcf7-text wpcf7-validates-as-required\" aria-required=\"true\" aria-invalid=\"false\" value=\"\" type=\"text\" name=\"Telefon\" \/><\/span> <\/label>\n<\/p>\n<p><label> E-Mail-Adresse (Pflichtfeld)<br \/>\n<span class=\"wpcf7-form-control-wrap\" data-name=\"EMail\"><input size=\"40\" maxlength=\"400\" class=\"wpcf7-form-control wpcf7-email wpcf7-validates-as-required wpcf7-text wpcf7-validates-as-email\" aria-required=\"true\" aria-invalid=\"false\" value=\"\" type=\"email\" name=\"EMail\" \/><\/span> <\/label>\n<\/p>\n<p>Zus\u00e4tzliche Informationen:<br \/>\n<label> Vorname und Nachname des Kindes<br \/>\n<span class=\"wpcf7-form-control-wrap\" data-name=\"KindVornameNachname\"><input size=\"40\" maxlength=\"400\" class=\"wpcf7-form-control wpcf7-text\" aria-invalid=\"false\" value=\"\" type=\"text\" name=\"KindVornameNachname\" \/><\/span> <\/label><br \/>\n<label> Geburtsdatum<br \/>\n<span class=\"wpcf7-form-control-wrap\" data-name=\"Geburtsdatum\"><input size=\"40\" maxlength=\"400\" class=\"wpcf7-form-control wpcf7-text\" aria-invalid=\"false\" value=\"\" type=\"text\" name=\"Geburtsdatum\" \/><\/span><\/label><br \/>\n<label> T-Shirt Gr\u00f6\u00dfe (Abh\u00e4ngig vom Event-Typ ist ein T-Shirt enthalten)<br \/>\n<span class=\"wpcf7-form-control-wrap\" data-name=\"tshirt\"><input size=\"40\" maxlength=\"400\" class=\"wpcf7-form-control wpcf7-text\" aria-invalid=\"false\" value=\"\" type=\"text\" name=\"tshirt\" \/><\/span><\/label>\n<\/p>\n<p><label> Bemerkungen und W\u00fcnsche(Pflichtfeld)<br \/>\n<span class=\"wpcf7-form-control-wrap\" data-name=\"Bemerkungen\"><textarea cols=\"40\" rows=\"10\" maxlength=\"2000\" class=\"wpcf7-form-control wpcf7-textarea\" aria-invalid=\"false\" name=\"Bemerkungen\"><\/textarea><\/span> <\/label>\n<\/p>\n<p>AGB<br \/>\n<span class=\"wpcf7-form-control-wrap\" data-name=\"AGBAkzeptiert\"><span class=\"wpcf7-form-control wpcf7-acceptance\"><span class=\"wpcf7-list-item\"><label><input type=\"checkbox\" name=\"AGBAkzeptiert\" value=\"1\" aria-invalid=\"false\" \/><span class=\"wpcf7-list-item-label\">Ich habe die <a href=\"https:\/\/www.tennis-and-more.de\/secure\/agb\/\">AGB's<\/a> gelesen und akzeptiert<\/span><\/label><\/span><\/span><\/span>\n<\/p>\n<p><input class=\"wpcf7-form-control wpcf7-submit has-spinner\" type=\"submit\" value=\"Verbindlich Anmelden\" \/>\n<\/p><div class=\"wpcf7-response-output\" aria-hidden=\"true\"><\/div>\n<\/form>\n<\/div>\n\n","protected":false},"excerpt":{"rendered":"<p>Sommercamp III Wann?: 08. &#8211; 11.09.2025 , 9.00 &#8211; 13.00 Uhr (inklusive Fr\u00fchst\u00fcck) F\u00fcr wen?: f\u00fcr Kinder und Jugendliche im Alter von 6-18 Jahren. ist f\u00fcr jegliche Spielst\u00e4rke geeignet&#8230;vom Anf\u00e4nger bis zum Turnierspieler. Die einzelnen Teilnehmer werden je nach Spielst\u00e4rke in verschiedene Gruppen eingeteilt. Somit ist gew\u00e4hrleistet, dass jeder Campteilnehmer optimal gef\u00f6rdert wird. Wo?: auf [&hellip;]<\/p>\n","protected":false},"featured_media":3586,"template":"","meta":[],"class_list":["post-4141","product","type-product","status-publish","has-post-thumbnail","hentry","product_cat-feriencamps"],"_links":{"self":[{"href":"https:\/\/www.tennis-and-more.de\/secure\/wp-json\/wp\/v2\/product\/4141","targetHints":{"allow":["GET"]}}],"collection":[{"href":"https:\/\/www.tennis-and-more.de\/secure\/wp-json\/wp\/v2\/product"}],"about":[{"href":"https:\/\/www.tennis-and-more.de\/secure\/wp-json\/wp\/v2\/types\/product"}],"wp:featuredmedia":[{"embeddable":true,"href":"https:\/\/www.tennis-and-more.de\/secure\/wp-json\/wp\/v2\/media\/3586"}],"wp:attachment":[{"href":"https:\/\/www.tennis-and-more.de\/secure\/wp-json\/wp\/v2\/media?parent=4141"}],"curies":[{"name":"wp","href":"https:\/\/api.w.org\/{rel}","templated":true}]}}